{"id":100,"date":"2015-06-23T16:13:29","date_gmt":"2015-06-23T15:13:29","guid":{"rendered":"https:\/\/coueron-st-symphorien.fr\/?page_id=100"},"modified":"2024-09-25T15:01:28","modified_gmt":"2024-09-25T14:01:28","slug":"equipe-educative","status":"publish","type":"page","link":"https:\/\/coueron-st-symphorien.fr\/?page_id=100","title":{"rendered":"Equipe \u00e9ducative"},"content":{"rendered":"<h4><a href=\"https:\/\/coueron-st-symphorien.fr\/wp-content\/uploads\/2022\/11\/photo-perso.jpg\"><img loading=\"lazy\" decoding=\"async\" class=\"aligncenter wp-image-33722\" src=\"https:\/\/coueron-st-symphorien.fr\/wp-content\/uploads\/2022\/11\/photo-perso-1024x768.jpg\" alt=\"\" width=\"727\" height=\"545\" srcset=\"https:\/\/coueron-st-symphorien.fr\/wp-content\/uploads\/2022\/11\/photo-perso-1024x768.jpg 1024w, https:\/\/coueron-st-symphorien.fr\/wp-content\/uploads\/2022\/11\/photo-perso-300x225.jpg 300w, https:\/\/coueron-st-symphorien.fr\/wp-content\/uploads\/2022\/11\/photo-perso-768x576.jpg 768w, https:\/\/coueron-st-symphorien.fr\/wp-content\/uploads\/2022\/11\/photo-perso-1536x1152.jpg 1536w, https:\/\/coueron-st-symphorien.fr\/wp-content\/uploads\/2022\/11\/photo-perso.jpg 2000w\" sizes=\"(max-width: 727px) 100vw, 727px\" \/><\/a>Direction : Laurent DAVID<\/h4>\n<h1>Classes et enseignants :<\/h1>\n<h4>Cycle 1:<\/h4>\n<p style=\"margin: 0cm; margin-bottom: .0001pt;\">&#8211; <em><u>PS<\/u><\/em>&nbsp; :&nbsp; Maryse DAL MOLIN<\/p>\n<p style=\"margin: 0cm; margin-bottom: .0001pt;\">&#8211; <em><u>PS-MS<\/u><\/em> : Delphine LARROUMET \/ Pascale Wypych<br \/>\n&#8211; <em><u>MS-GS<\/u><\/em> : C\u00e9cile BIENVENU<br \/>\n&#8211; <em><u>MS-GS<\/u><\/em> : C\u00e9cile VINET<\/p>\n<p style=\"margin: 0cm; margin-bottom: .0001pt;\">&#8211;&nbsp;<em><u>MS-GS<\/u><\/em> : Florence LE GOFF BERRIVIN<\/p>\n<p>&nbsp;<\/p>\n<h4>Cycle 2-3 :<\/h4>\n<p>&#8211; <span style=\"text-decoration: underline;\"><em>CP<\/em> <\/span>:&nbsp; Val\u00e9rie ONILLON-SERRAULT<br \/>\n&#8211; <span style=\"text-decoration: underline;\"><em>CP-CE1<\/em><\/span>:&nbsp; Aur\u00e9lie LEBERT&nbsp;<br \/>\n&#8211; <span style=\"text-decoration: underline;\"><em>CE1<\/em> <\/span>:C\u00e9line MUSTIERE<br \/>\n&#8211;<span style=\"text-decoration: underline;\"><em> CE1-CE2<\/em><\/span> :&nbsp; Nelly PALLIER<br \/>\n&#8211; <span style=\"text-decoration: underline;\"><em>CE2<\/em>&nbsp;<\/span>: Aur\u00e9lie LERAY<br \/>\n&#8211;<span style=\"text-decoration: underline;\"><em> CM1<\/em><\/span> : La\u00ebtitia GROUHAN&nbsp;<br \/>\n&#8211; <span style=\"text-decoration: underline;\"><em>CM1-CM2<\/em> <\/span>: Charl\u00e8ne DUCOS<br \/>\n&#8211; <span style=\"text-decoration: underline;\"><em>CM2<\/em> <\/span>: C\u00e9line LORENTIN<\/p>\n<p><strong>Enseignant sp\u00e9cialis\u00e9 : <\/strong>Ivane MAZENOT-MACHIN<\/p>\n<h1>Personnel encadrant:<\/h1>\n<p>Elisabeth GIL<\/p>\n<p>Emmanuelle BARBIN<br \/>\nMarina BRUNEAU<br \/>\nStacy JARNIER<br \/>\nC\u00e9line MORINEAU<br \/>\nElora MORIN<br \/>\nIsabelle HERVO<br \/>\nDelphine BERTIN<br \/>\nVanessa FARIA<br \/>\nSylvie GENDRON<br \/>\nPamela MONGONDRY<br \/>\nMa\u00ebva SADON<br \/>\nGildas BRODU<\/p>\n","protected":false},"excerpt":{"rendered":"<p>Direction : Laurent DAVID Classes et enseignants : Cycle 1: &#8211; PS&nbsp; :&nbsp; Maryse DAL MOLIN &#8211; PS-MS : Delphine LARROUMET \/ Pascale Wypych &#8211; MS-GS : C\u00e9cile BIENVENU &#8211; MS-GS : C\u00e9cile VINET &#8211;&nbsp;MS-GS : Florence LE GOFF BERRIVIN &nbsp; Cycle 2-3 : &#8211; CP :&nbsp; Val\u00e9rie ONILLON-SERRAULT &#8211; CP-CE1:&nbsp; Aur\u00e9lie LEBERT&nbsp; &#8211; CE1<\/p>\n<p><a href=\"https:\/\/coueron-st-symphorien.fr\/?page_id=100\" class=\"more-link themebutton\">Lire la suite<\/a><\/p>\n","protected":false},"author":3,"featured_media":0,"parent":0,"menu_order":0,"comment_status":"closed","ping_status":"closed","template":"","meta":{"ngg_post_thumbnail":0,"footnotes":""},"_links":{"self":[{"href":"https:\/\/coueron-st-symphorien.fr\/index.php?rest_route=\/wp\/v2\/pages\/100"}],"collection":[{"href":"https:\/\/coueron-st-symphorien.fr\/index.php?rest_route=\/wp\/v2\/pages"}],"about":[{"href":"https:\/\/coueron-st-symphorien.fr\/index.php?rest_route=\/wp\/v2\/types\/page"}],"author":[{"embeddable":true,"href":"https:\/\/coueron-st-symphorien.fr\/index.php?rest_route=\/wp\/v2\/users\/3"}],"replies":[{"embeddable":true,"href":"https:\/\/coueron-st-symphorien.fr\/index.php?rest_route=%2Fwp%2Fv2%2Fcomments&post=100"}],"version-history":[{"count":34,"href":"https:\/\/coueron-st-symphorien.fr\/index.php?rest_route=\/wp\/v2\/pages\/100\/revisions"}],"predecessor-version":[{"id":41374,"href":"https:\/\/coueron-st-symphorien.fr\/index.php?rest_route=\/wp\/v2\/pages\/100\/revisions\/41374"}],"wp:attachment":[{"href":"https:\/\/coueron-st-symphorien.fr\/index.php?rest_route=%2Fwp%2Fv2%2Fmedia&parent=100"}],"curies":[{"name":"wp","href":"https:\/\/api.w.org\/{rel}","templated":true}]}}